{"id":716,"date":"2023-08-21T12:54:52","date_gmt":"2023-08-21T10:54:52","guid":{"rendered":"https:\/\/www.daun-gemuenden.de\/cms\/?page_id=716"},"modified":"2024-01-25T17:25:48","modified_gmt":"2024-01-25T15:25:48","slug":"dorferneuerung","status":"publish","type":"page","link":"https:\/\/www.daun-gemuenden.de\/cms\/dorferneuerung\/","title":{"rendered":"Dorferneuerung"},"content":{"rendered":"\n<p class=\"has-medium-font-size\"><strong>Protokoll zum Workshop Dorferneuerung am 23.08.2023 in Daun-Gem\u00fcnden<\/strong><\/p>\n\n\n\n<p>Moderator:&nbsp; Herr Zellmer vom Ingenieurb\u00fcro Stadt Land Plus<\/p>\n\n\n\n<p>Herr Kowall von der Kreisverwaltung Daun und&nbsp; Fachberater f\u00fcr Dorferneuerungsprojekte und F\u00f6rderm\u00f6glichkeiten, war eingeladen und referierte \u00fcber Projektf\u00f6rderungen und den Anforderungen der entsprechenden F\u00f6rderbeh\u00f6rden. &nbsp;Die Vielzahl der teilnehmenden B\u00fcrger aus Gem\u00fcnden lies erkennen wie interessant das Thema im Bezug auf die einzelnen&nbsp; angedachten Projekte in Gem\u00fcnden ist. Es war nicht sehr ermutigend w\u00e4hrend des Vortrages zu erkennen, dass ein F\u00f6rderantrag schwer zu \u00fcberwindende H\u00fcrden in sich birgt. Dennoch sind von den einzelnen Projektgruppen, Planungen erarbeitet worden&nbsp; um&nbsp; das Dorf und deren Gemeinschaft in eine lebenswerte Zukunft zu f\u00fchren. Herr Kowall sicherte den anwesenden Zuh\u00f6rern&nbsp; seine uneingeschr\u00e4nkte Unterst\u00fctzung, bei zuk\u00fcnftigen antragsw\u00fcrdigen Projekten zu. Es wurde dar\u00fcber hinaus&nbsp; vereinbart zeitnah bez\u00fcglich des Hochwasserschutzes, eine Pr\u00e4sentation der Renaturierungsma\u00dfnahme und deren Flie\u00dftechnische Optimierung f\u00fcr die Gem\u00fcndener B\u00fcrger durchzuf\u00fchren. Eine entsprechende Einladung erfolgt kurzfristig. Die Projektgruppe&nbsp; \u201eTreffpunkt\u201c&nbsp; wird sich weiter mit dem&nbsp; Thema Versammlungsst\u00e4tte&nbsp; besch\u00e4ftigen und ein weiteres Arbeitstreffen vereinbaren. Was die Projektgruppe \u201e Gem\u00fcndener Dorf Event\u201c betrifft, so ist ein Herbstfest f\u00fcr den 03.10.2023 terminiert. Einzelheiten k\u00f6nnen dem Protokoll der entsprechenden&nbsp; Projektgruppe entnommen werden. Alle Protokolle und Arbeitsvermerke&nbsp; k\u00f6nnen Zuk\u00fcnftig auf der Homepage von&nbsp; daun-gem\u00fcnden unter Dorferneuerung nachgelesen werden.<\/p>\n\n\n\n<p>F\u00fcr den weiteren Verlauf der Dorfmoderation w\u00fcnsche ich mir, wie bisher die ungebrochene &nbsp;aktive Teilnahme der Gem\u00fcndener B\u00fcrger! Super, weiter so!<\/p>\n\n\n\n<p>Hermann Sch\u00fcller Ortsvorsteher<\/p>\n\n\n\n<p><\/p>\n\n\n\n<p><\/p>\n\n\n\n<p><strong>Gespr\u00e4chsnotiz&nbsp; zu Besprechung am 10.08.2023 in der VGV Daun<\/strong><\/p>\n\n\n\n<p>Teilnehmer:&nbsp; Verbandsb\u00fcrgermeister Thomas Scheppe<\/p>\n\n\n\n<p>&nbsp;&nbsp;&nbsp;&nbsp;&nbsp;&nbsp;&nbsp;&nbsp;&nbsp;&nbsp;&nbsp;&nbsp;&nbsp;&nbsp;&nbsp;&nbsp;&nbsp; &nbsp;&nbsp;&nbsp;&nbsp;&nbsp;&nbsp;Bauamtsleiter&nbsp; Benjamin Duckart&nbsp;<\/p>\n\n\n\n<p>&nbsp;&nbsp;&nbsp;&nbsp;&nbsp;&nbsp;&nbsp;&nbsp;&nbsp;&nbsp;&nbsp;&nbsp;&nbsp;&nbsp;&nbsp;&nbsp;&nbsp;&nbsp;&nbsp;&nbsp;&nbsp;&nbsp;&nbsp; Ortsbeiratmitglied&nbsp; Gem\u00fcnden Horst Lehnen<\/p>\n\n\n\n<p>&nbsp;&nbsp;&nbsp;&nbsp;&nbsp;&nbsp;&nbsp;&nbsp;&nbsp;&nbsp;&nbsp;&nbsp;&nbsp;&nbsp;&nbsp;&nbsp;&nbsp;&nbsp;&nbsp;&nbsp;&nbsp;&nbsp;&nbsp; Ortsvorsteher Gem\u00fcnden Hermann Sch\u00fcller<\/p>\n\n\n\n<p>Grund der Besprechung waren B\u00fcrgerbeschwerden aus dem Stadtteil &nbsp;Gem\u00fcnden und daraus erfolgte &nbsp;Missverst\u00e4ndnisse und Fehlinterpretationen.&nbsp; In einer kurzen Diskussion konnten die Missverst\u00e4ndnisse und Fehlinterpretationen gekl\u00e4rt und ausger\u00e4umt werden.&nbsp; Zu den B\u00fcrgerbeschwerden wurde folgendes festgehalten. Die im Verlauf&nbsp; der Dorfmoderation&nbsp; des Dorferneuerungskonzepts gebildete&nbsp; Projektgruppe Hochwasserschutz hat Vorschl\u00e4ge&nbsp; erarbeitet,&nbsp; die in der derzeitigen fasst abgeschlossenen Planungen&nbsp; nicht mehr ber\u00fccksichtigt werden k\u00f6nnen und aus Kostengr\u00fcnden in der ersten Renaturierungsma\u00dfnahme nicht zu realisieren sind. Dennoch sind die von der Projektgruppe&nbsp; Hochwasserschutz erarbeiteten&nbsp; Vorschl\u00e4ge nicht verworfen worden und k\u00f6nnen in sp\u00e4teren Hochwasserschutzma\u00dfnahmen eventuell &nbsp;zur Anwendung&nbsp; kommen. Die Vorschl\u00e4ge sind in dem Protokoll zur B\u00fcrgerbesprechung&nbsp; am 20.06.2023 festgehalten.&nbsp; Um Spekulationen \u00fcber Zeitverz\u00f6gerungen bez\u00fcglich der Umsetzungen der Ma\u00dfnahmen innerhalb der vom Hochwasser unmittelbar betroffenen B\u00fcrger&nbsp; zu vermeiden, soll&nbsp; Zeitnah eine Info Veranstaltung stattfinden, in der \u00fcber die vorgesehenen Renaturierungsma\u00dfnahme&nbsp; und deren flie\u00dftechnische Optimierung&nbsp; die B\u00fcrger in Kenntnis gesetzt werden. &nbsp;Es wurde auch dar\u00fcber gesprochen&nbsp; welche Zeitziele bez\u00fcglich der Umsetzung der Ma\u00dfnahmen&nbsp; anvisiert werden, so soll nach M\u00f6glichkeit in diesem&nbsp;&nbsp; Jahr noch die Planung abgeschlossen werden und die entsprechenden F\u00f6rdermittel Antr\u00e4ge gestellt werden, sodass&nbsp; im Jahr 2024 mit der Umsetzung der Ma\u00dfnahmen begonnen werden kann. Ein einvernehmliches Miteinander ist der Angelegenheit sehr dienlich.<\/p>\n\n\n\n<p>Hermann Sch\u00fcller Ortsvorsteher Gem\u00fcnden<\/p>\n\n\n\n<p><strong>Gemeinsam&nbsp; die Zukunft f\u00fcr unser Dorf in die Hand nehmen!<\/strong><\/p>\n\n\n\n<p>Am Freitag den 05.05.2023, um 18:00 Uhr findet auf dem Dorfplatz\/Spielplatz an unserem Gemeindehaus die Auftaktveranstaltung f\u00fcr unser&nbsp; Dorferneuerungsprojekt&nbsp; Gem\u00fcnden statt. Alle B\u00fcrger aus Gem\u00fcnden sind aufgerufen die Veranstaltung mit ihrer Teilnahme zu unterst\u00fctzen. Es geht um&nbsp; die Zukunft und die Entwicklung unseres Dorfes. Gemeinsam lassen sich hier Themen und Ideen&nbsp; bearbeiten die unsere &nbsp;Dorfgemeinschaft in die Zukunft f\u00fchrt. Es kommt auf jeden an, bringen Sie Ihre Themen und Ideen &nbsp;mit und wir lassen sie in unser Dorferneuerungskonzept einflie\u00dfen. Je mehr B\u00fcrger sich einbringen umso Erfolgreicher &nbsp;wird das Projekt. Ein Termin also, der nicht vers\u00e4umt werden darf?<\/p>\n\n\n\n<p>Hermann Sch\u00fcller Ortsvorsteher<\/p>\n\n\n\n<p><strong>Dorferneuerung Daun-Gem\u00fcnden<\/strong><\/p>\n\n\n\n<p>Nach der gelungenen Auftaktveranstaltung am 05.05.2023&nbsp; haben wir am 15.05.2023 in einem &nbsp;ersten Workshop verschiedene Themen diskutiert.&nbsp; Ein herausragendes Thema war der Hochwasserschutz. Hier wollen wir eine Projektgruppe&nbsp; zusammenstellen, mit dieser Gruppe besteht die M\u00f6glichkeit&nbsp; ein f\u00fcr Gem\u00fcnden tragf\u00e4higes&nbsp; Konzept bez\u00fcglich Hochwasserschutz &nbsp;zu erarbeiten. &nbsp;Eine Herausforderung ist es die Erfahrungen aus vergangenen Hochwasserereignissen zusammen zu tragen und daraus Schutzma\u00dfnahmen und Vorschl\u00e4ge zu erarbeiten. Ein wichtiger Ansatz ist hier, dass sich B\u00fcrger der Gruppe anschlie\u00dfen, die von den Ereignissen betroffen sind und in der Vergangenheit &nbsp;gesch\u00e4digt wurden. Dieser Personenkreis hat Expertenwissen welches f\u00fcr die Projektgruppe unverzichtbar ist. Deshalb mein Appell an diese B\u00fcrger, bringen sie&nbsp; sich ein, nutzen Sie die Chance auf dieser Plattform unser Mitspracherecht &nbsp;auszu\u00fcben und konstruktive Anleitungen gegen \u00dcberflutungen in zuk\u00fcnftigen Planungsvorhaben vorzulegen. Es w\u00e4re sch\u00f6n und hilfreich, wenn wir hier gemeinsam&nbsp; einen Schwerpunkt setzten k\u00f6nnen. Weitere Handlungsfelder wurden auch schon thematisiert,&nbsp; zum Beispiel: Miteinander\/ Ortsbild\/Treffpunkt\/Verkehr.&nbsp; &nbsp;&nbsp;Der n\u00e4chste Workshop ist am 13.06.2023&nbsp; um 18:00 Uhr am Gemeindehaus auf dem Spielplatz. Um 17:00 Uhr schauen wir uns in einem kleinen Dorfrundgang &nbsp;Gem\u00fcnden an.<\/p>\n\n\n\n<p>Hermann Sch\u00fcller Ortsvorsteher<\/p>\n\n\n\n<p><strong>Protokoll zur B\u00fcrgerbesprechung am 20.06.2023 15:00Uhr<\/strong><\/p>\n\n\n\n<p>Thema: Hochwasserschutz an dem Gew\u00e4sser P\u00fctzbach<\/p>\n\n\n\n<p>Teilnehmer und Gew\u00e4sseranlieger Hans Olf, Sven Schettler, Sascha Limburg, Dominik Krolik, Hermann Sch\u00fcller<\/p>\n\n\n\n<p>Am 13.06.2023 18:00Uhr fand ein weiterer Workshop&nbsp; zum Thema Dorferneuerungskonzept Gem\u00fcnden statt, in dessen Verlauf unter anderem eine Arbeitsgruppe zu dem Thema Hochwasserschutz gegr\u00fcndet wurde. Teilnehmer&nbsp; sind haupts\u00e4chlich Anlieger der Gew\u00e4sser&nbsp;&nbsp; Lieser&nbsp; und P\u00fctzbach. In Vorbereitung des n\u00e4chsten Workshops am 23.08.2023 18:00 Uhr und des n\u00e4chsten Treffen der Arbeitsgruppe Hochwasserschutz am 28.06.2023 um 18:00 Uhr am B\u00fcrgerhaus auf dem Spielplatz in Gem\u00fcnden, hat der oben genannte Teilnehmerkreis folgende Vorschl\u00e4ge erarbeitet.<\/p>\n\n\n\n<p>Eine wirksame Ma\u00dfnahme, ist es das Wasser&nbsp; mit einer regelbaren Staum\u00f6glichkeit aus der Ortslage rauszuhalten. Das oberhalb der Gem\u00fcndener M\u00fchle liegende P\u00fctzbachtal bietet reichlich Platz, Wasser von einem Hochwasserereignis aufzunehmen und es nach einem Ereignis geregelt dem Gew\u00e4sser wieder zuzuf\u00fchren. Des Weiteren muss die Berme im Bereich P\u00fctzbachstra\u00dfenbr\u00fccke&nbsp; in der Ortslage entfernt werden und der davorliegende &nbsp;Landriegel, der im Besitz der Firma Krolik ist, zur\u00fcckgebaut werden. Die Besitzer&nbsp; Krolik&nbsp; haben sich in dem Gespr\u00e4ch bereit erkl\u00e4rt mit der Stadt Daun einen entsprechenden Deal einzugehen. Diese Ma\u00dfnahme &nbsp;w\u00fcrde die Ablaufbehinderung wesentlich verbessern. Ein Vorschlag des Eigent\u00fcmers&nbsp; von der Parzelle \u201e Gem\u00fcnden 27\/133 \u201eJens Nettlich wurde hinsichtlich des Bachbett Verlaufes diskutiert. Der P\u00fctzbach soll in dem Bereich begradigt werden, um Aussp\u00fclungen zum Berg hin zu verhindern und damit &nbsp;einen Bergrutsch zu vermeiden, au\u00dferdem lassen sich Retensionsr\u00e4ume schaffen. Herr Nettlich w\u00e4re bereit mit der Stadt Daun bez\u00fcglich einer \u00dcbereignung zu verhandeln. &nbsp;&nbsp;Die weiteren Ma\u00dfnahmen, die im Bereich des Spielplatzes und der Lieserbr\u00fccke von dem Planungsb\u00fcro&nbsp; Reihsner&nbsp; erstellt wurden sind nat\u00fcrlich ein wichtiger Bestandteil der Gesamtma\u00dfnahme. Um angedachte private Schutzma\u00dfnahmen im Bereich von privaten Wohnobjekten zu vermeiden ist eine Zeitnahe Realisierung des gesamten&nbsp;&nbsp; Hochwasserschutzkonzeptes sehr w\u00fcnschenswert.<\/p>\n\n\n\n<p>In einem&nbsp; weiteren B\u00fcrgergespr\u00e4ch am 28.06.2023 mit den Teilnehmern Herbert M\u00fcller, Dieter Mayer, Beate Mayer, Rolf Ehses, Jens Nettlich, Hermann&nbsp; Sch\u00fcller wurden im Wesentlichen die Probleme mit der Lieser besprochen. &nbsp;Ein Ansatzpunkt ist die Lieserbr\u00fccke die im Jahr 1900 erbaut wurde und inzwischen laut Pr\u00fcfbericht von 2015 Erhebliche M\u00e4ngel &nbsp;aufweist&nbsp; und somit nur durch aufw\u00e4ndige&nbsp; Sanierungsarbeiten erhalten werden kann. Hier ist zu \u00fcberlegen ob ein Neubau der Br\u00fccke ohne St\u00fctzpfeiler den Hochwasserschutz erheblich&nbsp; verbessern w\u00fcrde.&nbsp; Im \u00dcbrigen&nbsp; sollte &nbsp;am&nbsp; P\u00fctzbach im Bereich der Ortsmitte&nbsp; Parkplatz&nbsp; eine Engstelle beseitigt werden.&nbsp; Retensionsr\u00e4ume in Richtung Kurpark sind m\u00f6glich, ebenso in Richtung Weiersbach ab Lieserbr\u00fccke und w\u00fcrden von den Privatanliegern toleriert. Diese Vorschl\u00e4ge&nbsp; sind von den Gem\u00fcndener B\u00fcrgern erarbeitet worden und sollten Zugang in die derzeit laufenden Planungen finden und damit &nbsp;die Jahrelangen schmerzlichen Erfahrungen der Gew\u00e4sseranwohner als eine Zukunftswarnung zu verstehen &nbsp;und somit&nbsp; den Ort&nbsp; Gem\u00fcnden f\u00fcr drohende Klimagefahren zu r\u00fcsten.<\/p>\n\n\n\n<p>Hermann Sch\u00fcller<\/p>\n\n\n\n<p><strong>Protokoll zum Arbeitstreffen am 07.07.2023 19:00 Uhr&nbsp; der Projektgruppe : Treffpunkt<\/strong><\/p>\n\n\n\n<p>In Gem\u00fcnden gibt es derzeit keine M\u00f6glichkeit, Versammlungen, Sitzungen, Wahlen in einem&nbsp; \u00f6ffentlichen Gemeinschaftsraum abzuhalten. F\u00fcr bisherige Veranstaltungen dieser Art standen Hotels und Gastst\u00e4tten zur Verf\u00fcgung, aber seit geraumer Zeit sind diese Versammlungsm\u00f6glichkeiten nicht mehr Teil der Hotel und Gastst\u00e4tten Konzepte, was uns nur noch die Alternative \u00fcbrig l\u00e4sst, Versammlungen im Freien abzuhalten. Es erkl\u00e4rt sich von selber dass dieses nicht in allen F\u00e4llen zul\u00e4ssig und m\u00f6glich ist.<\/p>\n\n\n\n<p>Aus dieser Notlage heraus hat sich im Zuge der Moderation\u201c Dorferneuerung \u201e eine&nbsp; Projektgruppe gegr\u00fcndet die sich <strong>Treffpunkt<\/strong> nennt und zu diesem&nbsp; Thema L\u00f6sungsvorschl\u00e4ge erarbeiten&nbsp; will.<\/p>\n\n\n\n<p>&nbsp;In einem ersten Arbeitstreffen wurden Ausstattungen&nbsp; an einen m\u00f6glichen&nbsp; Raum&nbsp; zusammengestellt.<\/p>\n\n\n\n<p>Der Raum sollte&nbsp; 30-40 Sitzpl\u00e4tze&nbsp; aufnehmen k\u00f6nnen, mit einer kleinen K\u00fcche, Toiletten, Strom, Wasser, Abfluss ausgestattet sein. Weitere Details sind in einer Fachplanung zu er\u00f6rtern.&nbsp; Eine Grillm\u00f6glichkeit sollte im Au\u00dfenbereich vorhanden sein. \u00dcber einen geeigneten Standort dieser Anlage wurden gr\u00fcndlich und lange diskutiert&nbsp; und man einigte sich auf eine Platzierung im Grafenwald unterhalb des Parkplatzes&nbsp; vom Ferienpark Sporthotel-Grafenwald. In Vorgespr\u00e4chen mit der Hoteldirektion konnten schon Sinnergieefekte&nbsp; gefunden werden, so dass&nbsp; einem Zusammenwirken&nbsp; zwischen&nbsp; Gemeinde und Ferienpark nichts im Wege steht.<\/p>\n\n\n\n<p>Diese \u00dcberlegungen sollten Zugang in die Dorferneuerung finden um eine L\u00f6sungskonstruktion&nbsp; zu dieser Problematik zu finden. Das n\u00e4chste treffen dieser Projektgruppe mit einer Ortsbegehung im Grafenwald&nbsp; ist am&nbsp; 11.08.2023 um19:00Uhr&nbsp; auf dem Spielplatz. In Vorbereitung auf den n\u00e4chsten Workshop am 23.08.2023 um 18:00 Uhr auf dem Spielplatz, sollen weitere Details in Sachen <strong>Treffpunkt<\/strong> Thematisiert werden.<\/p>\n\n\n\n<p>Hermann Sch\u00fcller<\/p>\n\n\n\n<p><em>Liebe Mitb\u00fcrgerinnen und Mitb\u00fcrger,<\/em><\/p>\n\n\n\n<p><em>als weiterer Schritt der Dorferneuerung soll ein Dorferneuerungskonzept f\u00fcr Daun-Gem\u00fcnden aufgestellt werden, um einen langfristigen Rahmen f\u00fcr die Zukunft unseres Dorfes zu bilden.<\/em><\/p>\n\n\n\n<p><em>Es erm\u00f6glicht u.a. der Gemeinde, bei kommunalen Bauvorhaben zuk\u00fcnftig Zusch\u00fcsse aus dem F\u00f6rderprogramm \u201eDorferneuerung Rheinland-Pfalz\u201c zu erhalten.<\/em><\/p>\n\n\n\n<p><em>Gleichzeitig er\u00f6ffnet es auch allen Einwohner. innen eine F\u00f6rderung mit attraktiven Zusch\u00fcssen bei Umbau und Sanierung von \u00e4lteren, ortsbildpr\u00e4genden Geb\u00e4uden.<\/em><\/p>\n\n\n\n<p><em>Das Planungsb\u00fcro Stadt-Land-plus GmbH aus Boppard-Buchholz wurde mit der Aufstellung des Dorferneuerungskonzepts beauftragt.<\/em><\/p>\n\n\n\n<p><em>Am Anfang steht zun\u00e4chst die Bestandsaufnahme der gesamten Ortslage.<\/em><\/p>\n\n\n\n<p><em>Dabei werden alle \u00f6rtlichen Belange und Gegebenheiten (u.a. Nutzung der Geb\u00e4ude, Baustruktur, Verkehrssituation, Gr\u00fcnanlagen, Gew\u00e4sser, \u2026) durch die Mitarbeitenden des Planungsb\u00fcros in einer Ortsbegehung erfasst und auch fotografiert.<\/em><\/p>\n\n\n\n<p><em>Die Bestandsaufnahme ist wetterabh\u00e4ngig im August geplant.<\/em><\/p>\n\n\n\n<p><em>Es bietet sich hier die Gelegenheit, zwanglos mit den Planer.innen ins Gespr\u00e4ch zu kommen und gro\u00dfe sowie kleine Themen der baulichen Entwicklung anzusprechen.<\/em><\/p>\n\n\n\n<p><em>Aus aktuellem Anlass weise ich darauf hin, dass sich die Planer:innen nur im \u00f6ffentlichen Raum bewegen und keine privaten Grundst\u00fccke, Geb\u00e4ude oder Wohnungen betreten werden.<\/em><\/p>\n\n\n\n<p><em>Hermann Sch\u00fcller, Ortsvorsteher<\/em><\/p>\n\n\n\n<p>Gespr\u00e4chsprotokoll vom 31.07.2023&nbsp;&nbsp; 10:00Uhr&nbsp; in der Verbandsgemeinde Verwaltung Daun&nbsp; Bauabteilung.<\/p>\n\n\n\n<p>Teilnehmer: Stadtb\u00fcrgermeister Friedhelm Marder<\/p>\n\n\n\n<p>&nbsp;&nbsp;&nbsp;&nbsp;&nbsp;&nbsp;&nbsp;&nbsp;&nbsp;&nbsp;&nbsp;&nbsp;&nbsp;&nbsp;&nbsp;&nbsp;&nbsp;&nbsp;&nbsp;&nbsp;&nbsp;&nbsp; Leiter Bauabteilung&nbsp; Benni Duckhard<\/p>\n\n\n\n<p>&nbsp;&nbsp;&nbsp;&nbsp;&nbsp;&nbsp;&nbsp;&nbsp;&nbsp;&nbsp;&nbsp;&nbsp;&nbsp;&nbsp;&nbsp;&nbsp;&nbsp;&nbsp;&nbsp;&nbsp;&nbsp;&nbsp; Sachbearbeiterin Katharina Junk<\/p>\n\n\n\n<p>&nbsp;&nbsp;&nbsp;&nbsp;&nbsp;&nbsp;&nbsp;&nbsp;&nbsp;&nbsp;&nbsp;&nbsp;&nbsp;&nbsp;&nbsp;&nbsp;&nbsp;&nbsp;&nbsp;&nbsp;&nbsp;&nbsp; Ortsvosteher Hermann Sch\u00fcller<\/p>\n\n\n\n<p>Voran gegangen war eine Ortsbegehung am 20.07.2023 11:00 Uhr bez\u00fcglich eines Angebotes zu einem Grundst\u00fcck in der Gemeinde Gem\u00fcnden von dem Eigent\u00fcmer der Gem\u00fcndener M\u00fchle Gemarkung Gem\u00fcnden Flur&nbsp; 27 Nr.133<\/p>\n\n\n\n<p>Teilnehmer: Herr Rehg vom Ingenieurb\u00fcro&nbsp; Reihsner<\/p>\n\n\n\n<p>&nbsp;&nbsp;&nbsp;&nbsp;&nbsp;&nbsp;&nbsp;&nbsp;&nbsp;&nbsp;&nbsp;&nbsp;&nbsp;&nbsp;&nbsp;&nbsp;&nbsp;&nbsp;&nbsp;&nbsp;&nbsp;&nbsp; Herr Friedhelm Marder<\/p>\n\n\n\n<p>&nbsp;&nbsp;&nbsp;&nbsp;&nbsp;&nbsp;&nbsp;&nbsp;&nbsp;&nbsp;&nbsp;&nbsp;&nbsp;&nbsp;&nbsp;&nbsp;&nbsp;&nbsp;&nbsp;&nbsp;&nbsp;&nbsp; Frau Katharina Junk<\/p>\n\n\n\n<p>&nbsp;&nbsp;&nbsp;&nbsp;&nbsp;&nbsp;&nbsp;&nbsp;&nbsp;&nbsp;&nbsp;&nbsp;&nbsp;&nbsp;&nbsp;&nbsp;&nbsp;&nbsp;&nbsp;&nbsp;&nbsp;&nbsp; Herr Hermann Sch\u00fcller<\/p>\n\n\n\n<p>&nbsp;&nbsp;&nbsp;&nbsp;&nbsp;&nbsp;&nbsp;&nbsp;&nbsp;&nbsp;&nbsp; &nbsp;&nbsp;&nbsp;&nbsp;&nbsp;&nbsp;&nbsp;&nbsp;&nbsp;&nbsp;&nbsp;Frau Klara Nettlich und Herr Jens Nettlich als Eigent\u00fcmer der oben genannten&nbsp; Parzelle<\/p>\n\n\n\n<p>Gegenstand der Besprechung war eine Begradigung des Bachverlaufes&nbsp; P\u00fctzbach auf der Parzelle 27\/133&nbsp; Das Ingenieurb\u00fcro Reihsner wurde beauftragt einen entsprechenden Plan zu erarbeiten, die dann wenige Tage sp\u00e4ter auch an alle Teilnehmer,&nbsp; au\u00dfer Familie Nettlich, versandt wurde.&nbsp; Die Planung lie\u00df erkennen, dass eine Flutmulde auf der Parzelle 27\/114 erbaut werden soll, was so nicht abgesprochen war&nbsp; und auch nicht erforderlich ist, da das Gel\u00e4nde&nbsp; im Fall eines Hochwasserereignis &nbsp;sowieso \u00fcberflutet wird und somit als Wasserr\u00fcckhalt wirkt.&nbsp; Nach telefonischer&nbsp; R\u00fccksprache mit Herr Rehg vom B\u00fcro Reihsner konnte kein Konsens gefunden werden und&nbsp; so &nbsp;wurde mit der Verbandsgemeinde Daun&nbsp; eine Besprechung zu diesem Thema&nbsp; am 31.07 &nbsp;mit den oben aufgef\u00fchrten Teilnehmern vereinbart.&nbsp; Da das Gespr\u00e4ch&nbsp; im Verh\u00e4ltnis 3 gegen 1&nbsp; gef\u00fchrt wurde, war nat\u00fcrlich keine Einvernehmlichkeit zu erzielen. Die angedachte \u00dcberarbeitung der aktuellen Planung ist das Ergebnis des heutigen Termins.&nbsp;<\/p>\n","protected":false},"excerpt":{"rendered":"<p>Protokoll zum Workshop Dorferneuerung am 23.08.2023 in Daun-Gem\u00fcnden Moderator:&nbsp; Herr Zellmer vom Ingenieurb\u00fcro Stadt Land Plus Herr Kowall von der Kreisverwaltung Daun und&nbsp; Fachberater f\u00fcr Dorferneuerungsprojekte und F\u00f6rderm\u00f6glichkeiten, war eingeladen und referierte \u00fcber Projektf\u00f6rderungen und den Anforderungen der entsprechenden F\u00f6rderbeh\u00f6rden. &nbsp;Die Vielzahl der teilnehmenden B\u00fcrger aus Gem\u00fcnden lies erkennen wie interessant das Thema im Bezug &hellip; <a href=\"https:\/\/www.daun-gemuenden.de\/cms\/dorferneuerung\/\" class=\"more-link\"><span class=\"screen-reader-text\">Dorferneuerung<\/span> weiterlesen <span class=\"meta-nav\">&rarr;<\/span><\/a><\/p>\n","protected":false},"author":2,"featured_media":0,"parent":0,"menu_order":0,"comment_status":"closed","ping_status":"closed","template":"","meta":{"footnotes":""},"_links":{"self":[{"href":"https:\/\/www.daun-gemuenden.de\/cms\/wp-json\/wp\/v2\/pages\/716"}],"collection":[{"href":"https:\/\/www.daun-gemuenden.de\/cms\/wp-json\/wp\/v2\/pages"}],"about":[{"href":"https:\/\/www.daun-gemuenden.de\/cms\/wp-json\/wp\/v2\/types\/page"}],"author":[{"embeddable":true,"href":"https:\/\/www.daun-gemuenden.de\/cms\/wp-json\/wp\/v2\/users\/2"}],"replies":[{"embeddable":true,"href":"https:\/\/www.daun-gemuenden.de\/cms\/wp-json\/wp\/v2\/comments?post=716"}],"version-history":[{"count":9,"href":"https:\/\/www.daun-gemuenden.de\/cms\/wp-json\/wp\/v2\/pages\/716\/revisions"}],"predecessor-version":[{"id":761,"href":"https:\/\/www.daun-gemuenden.de\/cms\/wp-json\/wp\/v2\/pages\/716\/revisions\/761"}],"wp:attachment":[{"href":"https:\/\/www.daun-gemuenden.de\/cms\/wp-json\/wp\/v2\/media?parent=716"}],"curies":[{"name":"wp","href":"https:\/\/api.w.org\/{rel}","templated":true}]}}